{"id":15496,"date":"2023-10-05T14:19:13","date_gmt":"2023-10-05T12:19:13","guid":{"rendered":"https:\/\/www.leansales.es\/ls\/?page_id=15496"},"modified":"2023-12-14T11:56:49","modified_gmt":"2023-12-14T10:56:49","slug":"training","status":"publish","type":"page","link":"https:\/\/www.leansales.es\/ls\/training\/","title":{"rendered":"Training"},"content":{"rendered":"\n<div class=\"wp-block-uagb-container uagb-block-78fbda14 alignfull uagb-is-root-container\"><div class=\"uagb-container-inner-blocks-wrap\">\n<div class=\"wp-block-uagb-info-box uagb-block-38b626f9 uagb-infobox__content-wrap  uagb-infobox-icon-above-title uagb-infobox-image-valign-top\"><div class=\"uagb-ifb-content\"><div class=\"uagb-ifb-title-wrap\"><span class=\"uagb-ifb-title-prefix\">\u00a1Dise\u00f1a tu plan de ventas con Lean Sales!<\/span><h4 class=\"uagb-ifb-title\">\u00a1Ven a nuestro Workshop presencial en Madrid y ll\u00e9vate tu Plan de Ventas Personalizado!<\/h4><\/div><p class=\"uagb-ifb-desc\">Estrategia, Planificaci\u00f3n, Procesos, Ejecuci\u00f3n, Innovaci\u00f3n, Tecnolog\u00eda, Medici\u00f3n, Habilidades, T\u00e1cticas, T\u00e9cnicas&#8230;\u200b<br>Con nuestra formaci\u00f3n ayudamos a las organizaciones y a los profesionales a elevar su rendimiento en ventas hacia nuevos niveles de \u00e9xito.<\/p><\/div><\/div>\n<\/div><\/div>\n\n\n\n<div class=\"wp-block-uagb-container uagb-block-0682ea1d alignfull uagb-is-root-container\"><div class=\"uagb-container-inner-blocks-wrap\">\n<div class=\"wp-block-uagb-container uagb-block-d904cbea\">\n<div class=\"wp-block-uagb-container uagb-block-37158dbe\">\n<div class=\"wp-block-columns is-layout-flex wp-container-core-columns-is-layout-28f84493 wp-block-columns-is-layout-flex\">\n<div class=\"wp-block-column is-layout-flow wp-block-column-is-layout-flow\" style=\"flex-basis:100%\">\n<div class=\"wp-block-uagb-info-box uagb-block-1d62cba7 uagb-infobox__content-wrap  uagb-infobox-icon-above-title uagb-infobox-image-valign-top\"><div class=\"uagb-ifb-content\"><div class=\"uagb-ifb-title-wrap\"><div class=\"uagb-ifb-separator\"><\/div><h3 class=\"uagb-ifb-title\">\u00bfPor qu\u00e9 el Workshop?<\/h3><\/div><p class=\"uagb-ifb-desc\">La mayor\u00eda de los profesionales de ventas ejecutan su actividad comercial con mayor o menor acierto, sin embargo, la verdadera <strong>clave del triunfo comercial<\/strong> radica en la capacidad de asegurar <strong>ventas recurrentes<\/strong>, y esto se logra a trav\u00e9s de <strong>planes de ventas efectivos<\/strong>.<br><br>Frecuentemente, las organizaciones tienen planes orientados principalmente a <strong>objetivos econ\u00f3micos<\/strong>, pero carecen de una definici\u00f3n estrat\u00e9gica clara. Esta falta de enfoque estrat\u00e9gico afecta la ejecuci\u00f3n eficiente de los procesos de ventas y puede hacer que los vendedores se sientan solos y poco apoyados desarrollando su trabajo.<br><br>Para tener \u00e9xito comercial, es fundamental comprender las din\u00e1micas y l\u00f3gicas de los <strong>procesos de venta<\/strong>, aceptar y adaptarse a las nuevas <strong>tendencias y tecnolog\u00edas<\/strong> que est\u00e1n apareciendo, adoptar enfoques m\u00e1s eficientes en la <strong>estrategia de mercado<\/strong>, identificar las <strong>fortalezas y debilidades<\/strong>, potenciar las <strong>habilidades <\/strong>que necesitamos para el desarrollo de las acciones comerciales, entender y analizar los <strong>datos<\/strong> para corregir las <strong>desviaciones<\/strong>, estar dispuestos a observar y aprender de un entorno de mercado din\u00e1mico y tener la <strong>flexibilidad y los conocimientos<\/strong> para cambiar su enfoque.<br><br>El Workshop <strong>\u00abDise\u00f1a tu Plan de Ventas con Lean Sales\u00bb<\/strong> se concibi\u00f3 con el objetivo de <strong>ayudar a los profesionales de ventas<\/strong> en la preparaci\u00f3n de sus planes, desarrollo de estrategias efectivas, identificaci\u00f3n y generaci\u00f3n de recursos y conocimientos para enfrentarse a los cambios constantes del mercado y la evoluci\u00f3n de las necesidades de sus empresas en el \u00e1mbito comercial.<br><\/p><\/div><\/div>\n<\/div>\n<\/div>\n<\/div>\n<\/div>\n<\/div><\/div>\n\n\n\n<div class=\"wp-block-uagb-container uagb-block-4e055757 alignfull uagb-is-root-container\"><div class=\"uagb-container-inner-blocks-wrap\">\n<div class=\"wp-block-uagb-advanced-heading uagb-block-52e6f048\"><h2 class=\"uagb-heading-text\">Qu\u00e9 aprender\u00e1s:<\/h2><\/div>\n\n\n\n<div class=\"wp-block-uagb-container uagb-block-07da9de1\">\n<div class=\"wp-block-uagb-container uagb-block-51075e3c\">\n<div class=\"wp-block-uagb-info-box uagb-block-41b7352e uagb-infobox__content-wrap  uagb-infobox-icon-above-title uagb-infobox-image-valign-top\"><div class=\"uagb-ifb-content\"><div class=\"uagb-ifb-title-wrap\"><span class=\"uagb-ifb-title-prefix\">01.<\/span><h4 class=\"uagb-ifb-title\">Fundamentos<\/h4><\/div><p class=\"uagb-ifb-desc\"><strong>Conceptos generales:<\/strong><br>Conocer\u00e1 los pilares esenciales que sustentan cualquier estrategia comercial efectiva. T\u00e9rminos, conceptos, objetivos, habilidades, identificaci\u00f3n de necesidades, presentaciones efectivas, cierres. <\/p><\/div><\/div>\n<\/div>\n\n\n\n<div class=\"wp-block-uagb-container uagb-block-8da79abb\">\n<div class=\"wp-block-uagb-info-box uagb-block-974ef798 uagb-infobox__content-wrap  uagb-infobox-icon-above-title uagb-infobox-image-valign-top\"><div class=\"uagb-ifb-content\"><div class=\"uagb-ifb-title-wrap\"><span class=\"uagb-ifb-title-prefix\">02.<\/span><h4 class=\"uagb-ifb-title\">Estrategia<\/h4><\/div><p class=\"uagb-ifb-desc\"><strong>Creaci\u00f3n de la estrategia comercial:<\/strong>&nbsp;<br>Aprender\u00e1 a dise\u00f1ar estrategias tanto para usted, como para tu empresa. Descubrir\u00e1 oportunidades y crear\u00e1 <strong>planes de acci\u00f3n s\u00f3lidos<\/strong>, con objetivos bien definidos. Mejorar\u00e1 sus habilidades y sabr\u00e1 identificar los recursos clave necesarios para llevar a cabo con \u00e9xito sus ventas.<\/p><\/div><\/div>\n<\/div>\n\n\n\n<div class=\"wp-block-uagb-container uagb-block-865cfcc6\">\n<div class=\"wp-block-uagb-info-box uagb-block-1e5ee18b uagb-infobox__content-wrap  uagb-infobox-icon-above-title uagb-infobox-image-valign-top\"><div class=\"uagb-ifb-content\"><div class=\"uagb-ifb-title-wrap\"><span class=\"uagb-ifb-title-prefix\">03.<\/span><h4 class=\"uagb-ifb-title\">Procesos<\/h4><\/div><p class=\"uagb-ifb-desc\"><strong>Definici\u00f3n y optimizaci\u00f3n de procesos:<\/strong>&nbsp;<br>Obtendr\u00e1 herramientas para definir y optimizar sus procesos comerciales. Dise\u00f1o de <strong>flujos de trabajo eficientes<\/strong>, identificar desviaciones y mejores pr\u00e1cticas potenciando la productividad y los resultados de ventas.<\/p><\/div><\/div>\n<\/div>\n<\/div>\n\n\n\n<div class=\"wp-block-uagb-container uagb-block-f9dbfcfe\">\n<div class=\"wp-block-uagb-container uagb-block-53757643\">\n<div class=\"wp-block-uagb-info-box uagb-block-1d65747b uagb-infobox__content-wrap  uagb-infobox-icon-above-title uagb-infobox-image-valign-top\"><div class=\"uagb-ifb-content\"><div class=\"uagb-ifb-title-wrap\"><span class=\"uagb-ifb-title-prefix\">04.<\/span><h4 class=\"uagb-ifb-title\">Habilidades en ventas<\/h4><\/div><p class=\"uagb-ifb-desc\"><strong>Relaciones interpersonales Ventas:<\/strong>&nbsp;<br>Conseguir\u00e1 las <strong>destrezas clave<\/strong> en el \u00e1mbito interpersonal comercial. T\u00e9cnicas de comunicaci\u00f3n, negociaci\u00f3n, identificaci\u00f3n, empat\u00eda, escucha, mejorando su capacidad para deasrrollar acciones con los clientes. <\/p><\/div><\/div>\n<\/div>\n\n\n\n<div class=\"wp-block-uagb-container uagb-block-3ce1de44\">\n<div class=\"wp-block-uagb-info-box uagb-block-c2282ab3 uagb-infobox__content-wrap  uagb-infobox-icon-above-title uagb-infobox-image-valign-top\"><div class=\"uagb-ifb-content\"><div class=\"uagb-ifb-title-wrap\"><span class=\"uagb-ifb-title-prefix\">05.<\/span><h4 class=\"uagb-ifb-title\">Recursos y Tecnolog\u00eda<\/h4><\/div><p class=\"uagb-ifb-desc\"><strong>Herramientas y utilidades:<\/strong>&nbsp;<br>Explorar\u00e1 las \u00faltimas <strong>herramientas y soluciones tecnol\u00f3gicas<\/strong> para potenciar ventas. CRM, automatizaci\u00f3n de procesos, an\u00e1lisis de datos, IA, gestores de flujos, etc. La tecnolog\u00eda es el catalizador ideal para acelerar ventas.<\/p><\/div><\/div>\n<\/div>\n\n\n\n<div class=\"wp-block-uagb-container uagb-block-e404e83d\">\n<div class=\"wp-block-uagb-info-box uagb-block-f425908f uagb-infobox__content-wrap  uagb-infobox-icon-above-title uagb-infobox-image-valign-top\"><div class=\"uagb-ifb-content\"><div class=\"uagb-ifb-title-wrap\"><span class=\"uagb-ifb-title-prefix\">06.<\/span><h4 class=\"uagb-ifb-title\">Sistem\u00e1tica y Automatizaci\u00f3n<\/h4><\/div><p class=\"uagb-ifb-desc\">Con Lean Sales Training aprender\u00e1 a desarrollar procesos organizados y eficientes, adaptados a sus necesidades y <strong>modificables seg\u00fan su demanda<\/strong>. <br>Dominar la sistematizaci\u00f3n para impulsar los resultados en ventas es f\u00e1cil con nuestra formaci\u00f3n especializada.<\/p><\/div><\/div>\n<\/div>\n<\/div>\n<\/div><\/div>\n\n\n\n<div class=\"wp-block-uagb-container uagb-block-47c5e8d5 alignfull uagb-is-root-container\">\n<div class=\"wp-block-uagb-container uagb-block-1ef07dee\">\n<div class=\"wp-block-uagb-advanced-heading uagb-block-f5effed3\"><h2 class=\"uagb-heading-text\">\u00bfPor qu\u00e9 elegirnos?<\/h2><p class=\"uagb-desc-text\">Este workshop es el taller ideal para aquellos profesionales de empresas, aut\u00f3nomos, emprendedores, vendedores o directivos que buscan entender y mejorar sus ventas. Trabajar con un plan efectivo y concreto que les permita definir adecuadamente la estrategia, optimizar sus procesos y operaciones comerciales y alcanzar un conocimiento intenso de operativa y estrategia enfocado en el crecimiento, escalabilidad y resultados. <br><br>Nuestra experiencia, enfoque y compromiso con la calidad de los contenidos, los ejercicios adecuados y una metodolog\u00eda contrastada en muchas empresas con las que hemos trabajado, aseguran resultados claros, y nos distinguen como la elecci\u00f3n correcta para guiar a cualquier profesional que quiera trabajar en ventas y construir modelos comerciales con un proceso adaptado a sus necesidades. <\/p><\/div>\n<\/div>\n\n\n\n<div class=\"wp-block-uagb-container uagb-block-9c40ba52\"><\/div>\n\n\n\n<div class=\"wp-block-uagb-container uagb-block-27636809\">\n<div class=\"wp-block-uagb-advanced-heading uagb-block-2bd1d62b\"><h2 class=\"uagb-heading-text\">\u00bfPara qui\u00e9n es?<\/h2><p class=\"uagb-desc-text\">El curso de Lean Sales Training puede estar dirigido a una amplia gama de profesionales y audiencias interesadas en mejorar sus habilidades de ventas y comprender los principios de Lean en el contexto de las ventas. Algunas personas a las que les interesa asisitir a este curso:<br><\/p><\/div>\n\n\n\n<ol class=\"wp-block-list\">\n<li>Vendedores y ejecutivos de cuentas (\u00abhunters y farmers\u00bb).<\/li>\n\n\n\n<li>mandos intermedios, gerentes de ventas Y managers.<\/li>\n\n\n\n<li>Emprendedores y due\u00f1os de peque\u00f1as y medianas empresas.<\/li>\n\n\n\n<li>Profesionales de marketing.<\/li>\n\n\n\n<li>Directores, l\u00edderes y directivos. <\/li>\n\n\n\n<li>Cualquier persona que tenga inter\u00e9s en aprender sobre ventas y c\u00f3mo aplicar principios Lean para lograr un proceso de ventas m\u00e1s eficiente y efectivo.<\/li>\n<\/ol>\n<\/div>\n<\/div>\n\n\n\n<div class=\"wp-block-uagb-container uagb-block-96e4aa28 alignfull uagb-is-root-container\"><div class=\"uagb-container-inner-blocks-wrap\">\n<div class=\"wp-block-uagb-container uagb-block-5ff7734f\">\n<div class=\"wp-block-uagb-advanced-heading uagb-block-e0b874ae\"><h2 class=\"uagb-heading-text\">\u00bfQu\u00e9 m\u00e1s te puedes llevar? Mentorizaci\u00f3n<\/h2><\/div>\n\n\n\n<p>Al completar el taller, puedes optar a nuestras sesiones de <strong>seguimiento individual<\/strong>, de manera que aseguras la transferencia efectiva de los conocimientos adquiridos al entorno laboral.<br><br>Durante las sesiones individuales te proporcionamos un espacio personalizado y enfocado en tus necesidades espec\u00edficas. Estas sesiones est\u00e1n dise\u00f1adas para:<br><br>1. <strong>Refuerzo Personalizado<\/strong>: Abordaremos tus inquietudes y desaf\u00edos espec\u00edficos en el contexto de tu trabajo y tus metas comerciales.<br>2. <strong>An\u00e1lisis de Aplicaci\u00f3n<\/strong>: Revisaremos c\u00f3mo aplicar con \u00e9xito los conceptos aprendidos en el taller a tu situaci\u00f3n laboral particular.<br>3. <strong>Resoluci\u00f3n de Problemas<\/strong>: Trabajaremos juntos para superar obst\u00e1culos espec\u00edficos que puedan surgir en la implementaci\u00f3n de tus estrategias y planes de ventas.<br>4. <strong>Desarrollo de Habilidades<\/strong>: Nos centraremos en el fortalecimiento de habilidades espec\u00edficas que contribuir\u00e1n a tu \u00e9xito en el entorno de ventas.<br>5. <strong>Feedback Constructivo<\/strong>: Recibir\u00e1s comentarios constructivos y orientaci\u00f3n para optimizar tu desempe\u00f1o y alcanzar tus objetivos comerciales.<br><br>Estas sesiones son una extensi\u00f3n personalizada del taller, dise\u00f1adas para asegurar que la formaci\u00f3n se integre de manera efectiva en tu d\u00eda a d\u00eda laboral y que puedas aplicar los conocimientos de manera pr\u00e1ctica y exitosa.<\/p>\n<\/div>\n<\/div><\/div>\n\n\n\n<div class=\"wp-block-uagb-container uagb-block-c362e313 alignfull uagb-is-root-container\"><div class=\"uagb-container-inner-blocks-wrap\">\n<div class=\"wp-block-uagb-container uagb-block-ee44865b\">\n<div class=\"wp-block-uagb-container uagb-block-6b349033\">\n<div class=\"wp-block-uagb-advanced-heading uagb-block-86ad3925\"><h2 class=\"uagb-heading-text\">+5K<\/h2><\/div>\n<\/div>\n\n\n\n<div class=\"wp-block-uagb-container uagb-block-83f333da\">\n<div class=\"wp-block-uagb-advanced-heading uagb-block-5955d407\"><h6 class=\"uagb-heading-text\">Vendedores formados<\/h6><\/div>\n<\/div>\n<\/div>\n<\/div><\/div>\n\n\n\n<div class=\"wp-block-columns has-background is-layout-flex wp-container-core-columns-is-layout-28f84493 wp-block-columns-is-layout-flex\" style=\"background-color:#1767ae45\">\n<div class=\"wp-block-column is-layout-flow wp-block-column-is-layout-flow\" style=\"flex-basis:50%\">\n<div class=\"wp-block-uagb-advanced-heading uagb-block-9739ccf6\"><h4 class=\"uagb-heading-text\">Facilitadores:<\/h4><\/div>\n<\/div>\n\n\n\n<div class=\"wp-block-column is-layout-flow wp-block-column-is-layout-flow\" style=\"flex-basis:50%\">\n<div class=\"wp-block-uagb-advanced-heading uagb-block-c46c38ac\"><h4 class=\"uagb-heading-text\">Ponentes Invitados:<\/h4><\/div>\n<\/div>\n<\/div>\n\n\n\n<div class=\"wp-block-uagb-container uagb-block-7d085fb4 alignfull uagb-is-root-container\"><div class=\"uagb-container-inner-blocks-wrap\">\n<div class=\"wp-block-uagb-team uagb-team__image-position-above uagb-team__align-center uagb-team__stack-tablet uagb-block-8057702b\"><div class=\"uagb-team__content\"><img decoding=\"async\" class=\"uagb-team__image-crop-circle\" src=\"https:\/\/www.leansales.es\/ls\/wp-content\/uploads\/2023\/09\/ANGELGARRORENA-WEB-redondo-150x150.jpg\" alt=\"\" height=\"100\" width=\"100\" loading=\"lazy\"\/><h3 class=\"uagb-team__title\">\u00c1ngel Garrorena<\/h3><span class=\"uagb-team__prefix\">Fundador de Lean Sales<\/span><p class=\"uagb-team__desc\">Con m\u00e1s de 25 a\u00f1os de experiencia profesional en ventas. Ha trabajado en empresas como Reuters, Xerox y Sitel. Especialista en desarrollo de estrategia, ejecuci\u00f3n de ventas y gesti\u00f3n de equipos. Emprendedor y consultor de estrategia comercial, mantiene actividad acad\u00e9mica simult\u00e1nea como profesor de ventas en prestigiosas escuelas de negocio, habiendo capacitado a m\u00e1s de 5.000 profesionales.\u00a0<br>Ha participado en proyectos de consultor\u00eda y formaci\u00f3n en pa\u00edses como Espa\u00f1a, Portugal, Colombia, Brasil, Reino Unido, Irlanda, Alemania, Argentina, Chile, Jap\u00f3n&#8230;<\/p><ul class=\"uagb-team__social-list\"><li class=\"uagb-team__social-icon\"><a href=\"https:\/\/www.linkedin.com\/in\/angelgarrorena\/\" aria-label=\"linkedin\" target=\"_self\" title=\"\" rel=\"noopener noreferrer\"><svg xmlns=\"https:\/\/www.w3.org\/2000\/svg\" viewBox=\"0 0 448 512\"><path d=\"M416 32H31.9C14.3 32 0 46.5 0 64.3v383.4C0 465.5 14.3 480 31.9 480H416c17.6 0 32-14.5 32-32.3V64.3c0-17.8-14.4-32.3-32-32.3zM135.4 416H69V202.2h66.5V416zm-33.2-243c-21.3 0-38.5-17.3-38.5-38.5S80.9 96 102.2 96c21.2 0 38.5 17.3 38.5 38.5 0 21.3-17.2 38.5-38.5 38.5zm282.1 243h-66.4V312c0-24.8-.5-56.7-34.5-56.7-34.6 0-39.9 27-39.9 54.9V416h-66.4V202.2h63.7v29.2h.9c8.9-16.8 30.6-34.5 62.9-34.5 67.2 0 79.7 44.3 79.7 101.9V416z\"><\/path><\/svg><\/a><\/li><\/ul><\/div><\/div>\n\n\n\n<div class=\"wp-block-uagb-team uagb-team__image-position-above uagb-team__align-center uagb-team__stack-tablet uagb-block-8f748820\"><div class=\"uagb-team__content\"><img decoding=\"async\" class=\"uagb-team__image-crop-circle\" src=\"https:\/\/www.leansales.es\/ls\/wp-content\/uploads\/2023\/11\/PR-BARCELONA_0512-scaled-e1699881149268-150x150.jpg\" alt=\"\" height=\"100\" width=\"100\" loading=\"lazy\"\/><h3 class=\"uagb-team__title\">Cris Mazarrasa<\/h3><span class=\"uagb-team__prefix\">Learning Coach<\/span><p class=\"uagb-team__desc\">Cris cuenta con m\u00e1s de 15a\u00f1os de experiencia liderando el \u00e1rea de Formaci\u00f3n, Desarrollo y Gesti\u00f3n de Talento de grandes multinacionales de Gran Consumo (Heineke, British American Tobacco y Pernod Ricard) y del sector de la construcci\u00f3n (CEMEX y FCC) y ejerciendo como formadora y coach ejecutiva de directivos y mandos intermedios de esas organizaciones as\u00ed como de profesionales aut\u00f3nomos y emprendedores.<br>Cris ser\u00e1 la responsable de asegurar la adaptaci\u00f3n de los conocimientos al puesto de trabajo de los asistentes.<\/p><ul class=\"uagb-team__social-list\"><li class=\"uagb-team__social-icon\"><a href=\"www.linkedin.com\/in\/cristina-mazarrasa-loring-60000310\" aria-label=\"linkedin\" target=\"_self\" title=\"\" rel=\"noopener noreferrer\"><svg xmlns=\"https:\/\/www.w3.org\/2000\/svg\" viewBox=\"0 0 448 512\"><path d=\"M416 32H31.9C14.3 32 0 46.5 0 64.3v383.4C0 465.5 14.3 480 31.9 480H416c17.6 0 32-14.5 32-32.3V64.3c0-17.8-14.4-32.3-32-32.3zM135.4 416H69V202.2h66.5V416zm-33.2-243c-21.3 0-38.5-17.3-38.5-38.5S80.9 96 102.2 96c21.2 0 38.5 17.3 38.5 38.5 0 21.3-17.2 38.5-38.5 38.5zm282.1 243h-66.4V312c0-24.8-.5-56.7-34.5-56.7-34.6 0-39.9 27-39.9 54.9V416h-66.4V202.2h63.7v29.2h.9c8.9-16.8 30.6-34.5 62.9-34.5 67.2 0 79.7 44.3 79.7 101.9V416z\"><\/path><\/svg><\/a><\/li><\/ul><\/div><\/div>\n<\/div><\/div>\n\n\n\n<div class=\"wp-block-uagb-advanced-heading uagb-block-98851c19\"><h3 class=\"uagb-heading-text\">Algunos Testimonios<\/h3><\/div>\n\n\n\n<div class=\"wp-block-uagb-slider uagb-block-713496c7 uagb-slider-container\"><div class=\"uagb-slides uagb-swiper\"><div class=\"swiper-wrapper\">\n<div class=\"wp-block-uagb-slider-child uagb-slider-child-wrap swiper-slide uagb-block-e4264d68\"><div class=\"swiper-content\">\n<div class=\"wp-block-uagb-container uagb-block-fba7e1d8 alignfull uagb-is-root-container\"><div class=\"uagb-container-inner-blocks-wrap\">\n<div class=\"wp-block-uagb-info-box uagb-block-fcf474e2 uagb-infobox__content-wrap  uagb-infobox-icon-above-title uagb-infobox-image-valign-top\"><div class=\"uagb-ifb-content\"><div class=\"uagb-ifb-title-wrap\"><h3 class=\"uagb-ifb-title\">Rafael Mayas Sanz. Grupo SM<\/h3><\/div><p class=\"uagb-ifb-desc\">\u00c1ngel nos ha ayudado a reflexionar y entender los procesos comerciales de una manera profesional.<\/p><\/div><\/div>\n<\/div><\/div>\n<\/div><\/div>\n\n\n\n<div class=\"wp-block-uagb-slider-child uagb-slider-child-wrap swiper-slide uagb-block-4c0bda2e\"><div class=\"swiper-content\">\n<div class=\"wp-block-uagb-container uagb-block-0f1dde7f alignfull uagb-is-root-container\"><div class=\"uagb-container-inner-blocks-wrap\">\n<div class=\"wp-block-uagb-info-box uagb-block-875beb6b uagb-infobox__content-wrap  uagb-infobox-icon-above-title uagb-infobox-image-valign-top\"><div class=\"uagb-ifb-content\"><div class=\"uagb-ifb-title-wrap\"><h3 class=\"uagb-ifb-title\">Fernando Borred\u00e1. Indra<\/h3><\/div><p class=\"uagb-ifb-desc\">Tuve el placer de disfrutar de las clases de \u00c1ngel durante mis estudios en el AMP del Instituto de Empresa. No s\u00f3lo su conocimiento sobre los diferentes enfoques aplicados a las ventas, sino tambi\u00e9n el dinamismo y la frescura que imprimi\u00f3 a las sesiones, hicieron de ese m\u00f3dulo uno de los m\u00e1s interesantes del m\u00e1ster.<\/p><\/div><\/div>\n<\/div><\/div>\n<\/div><\/div>\n\n\n\n<div class=\"wp-block-uagb-slider-child uagb-slider-child-wrap swiper-slide uagb-block-9f35cdfe\"><div class=\"swiper-content\">\n<div class=\"wp-block-uagb-container uagb-block-2f256283 alignfull uagb-is-root-container\"><div class=\"uagb-container-inner-blocks-wrap\">\n<div class=\"wp-block-uagb-info-box uagb-block-7a6b23c4 uagb-infobox__content-wrap  uagb-infobox-icon-above-title uagb-infobox-image-valign-top\"><div class=\"uagb-ifb-content\"><div class=\"uagb-ifb-title-wrap\"><h3 class=\"uagb-ifb-title\">Carlos Ruiz. Indra<\/h3><\/div><p class=\"uagb-ifb-desc\">Angel es una persona que me dejo marcado desde el dia que le conoci. Ademas de un excelente profesor con unas enormes habilidades de comunicacion y ense\u00f1anza, considero que es uno de los referentes del mundo de las ventas en Espa\u00f1a, que ha sido capaz de dise\u00f1as una metodologia propia que aglutina todo lo necesario para implantar y controlar el proceso comercial de cualquier compa\u00f1\u00eda, habilitando a cualquier profesional, independientemente de sus habilidades innatas, a triunfar en el complejo mundo de la venta.<br>Para mi considero que ha sido un lujo haber podido ser su alumno en dos ocasiones y me encantar\u00eda poder compartir experiencias profesionales de venta con el, porque estoy seguro de que serian exitosas.<\/p><\/div><\/div>\n<\/div><\/div>\n<\/div><\/div>\n\n\n\n<div class=\"wp-block-uagb-slider-child uagb-slider-child-wrap swiper-slide uagb-block-093e5b2d\"><div class=\"swiper-content\">\n<div class=\"wp-block-uagb-container uagb-block-08065ec6 alignfull uagb-is-root-container\"><div class=\"uagb-container-inner-blocks-wrap\">\n<div class=\"wp-block-uagb-info-box uagb-block-efe4885c uagb-infobox__content-wrap  uagb-infobox-icon-above-title uagb-infobox-image-valign-top\"><div class=\"uagb-ifb-content\"><div class=\"uagb-ifb-title-wrap\"><h3 class=\"uagb-ifb-title\">Javier Latorre. Stonex<\/h3><\/div><p class=\"uagb-ifb-desc\">Angel es un excelente estratega y director comercial. No solo tiene amplios conocimientos y experiencia, sino que lo conjuga a la perfeccion con un trato facil y cercano. Su robusta metodologia comercial hace de el un magnifico profesional. Sin duda, lo recomiendo.<\/p><\/div><\/div>\n<\/div><\/div>\n<\/div><\/div>\n\n\n\n<div class=\"wp-block-uagb-slider-child uagb-slider-child-wrap swiper-slide uagb-block-91673ff4\"><div class=\"swiper-content\">\n<div class=\"wp-block-uagb-container uagb-block-3809db0f alignfull uagb-is-root-container\"><div class=\"uagb-container-inner-blocks-wrap\">\n<div class=\"wp-block-uagb-info-box uagb-block-cdd508a1 uagb-infobox__content-wrap  uagb-infobox-icon-above-title uagb-infobox-image-valign-top\"><div class=\"uagb-ifb-content\"><div class=\"uagb-ifb-title-wrap\"><h3 class=\"uagb-ifb-title\">Gina de Echenoa. Emprendedora<\/h3><\/div><p class=\"uagb-ifb-desc\">Angel fue mi profesor en el Master MBA Entrepreneurship en la Universidad Complutense de Madrid. Sin lugar a dudas uno de los mejores profesores del programa quien deja muy claro en sus clases como desarrollar una estrategia comercial y como convertir lead a ventas.<\/p><\/div><\/div>\n<\/div><\/div>\n<\/div><\/div>\n\n\n\n<div class=\"wp-block-uagb-slider-child uagb-slider-child-wrap swiper-slide uagb-block-df756316\"><div class=\"swiper-content\">\n<div class=\"wp-block-uagb-container uagb-block-2efa68b8 alignfull uagb-is-root-container\"><div class=\"uagb-container-inner-blocks-wrap\">\n<div class=\"wp-block-uagb-info-box uagb-block-ed66d56f uagb-infobox__content-wrap  uagb-infobox-icon-above-title uagb-infobox-image-valign-top\"><div class=\"uagb-ifb-content\"><div class=\"uagb-ifb-title-wrap\"><h3 class=\"uagb-ifb-title\">Alexandre Mendes. Inversor<\/h3><\/div><p class=\"uagb-ifb-desc\">At Startup Braga, we had the pleasure to have Angel training our startups on sales development. Angel was both entertaining and sharp. He definitely knows how to capture the audience&#8217;s attention, how to motivate and engage in such a way that we achieved real learning results. Technically it was also a superb presentation since one could observe that the theoretically grounded workshop was full of practical examples based in Angel&#8217;s wide expertise. Angel is a great professional with whom we can always count with.<\/p><\/div><\/div>\n<\/div><\/div>\n<\/div><\/div>\n\n\n\n<div class=\"wp-block-uagb-slider-child uagb-slider-child-wrap swiper-slide uagb-block-7e42b6d9\"><div class=\"swiper-content\">\n<div class=\"wp-block-uagb-container uagb-block-bf458cea alignfull uagb-is-root-container\"><div class=\"uagb-container-inner-blocks-wrap\">\n<div class=\"wp-block-uagb-info-box uagb-block-ff7b8230 uagb-infobox__content-wrap  uagb-infobox-icon-above-title uagb-infobox-image-valign-top\"><div class=\"uagb-ifb-content\"><div class=\"uagb-ifb-title-wrap\"><h3 class=\"uagb-ifb-title\">Roberto Jimenez. Fundaci\u00f3n Repsol<\/h3><\/div><p class=\"uagb-ifb-desc\">\u00c1ngel es un profesional din\u00e1mico, directo y cercano en su relaci\u00f3n con el cliente. Una de esas personas en las que puedes confiar porque garantiza resultados. Un gran especialista en el \u00e1rea de Marketing y Comercial, de enorme ayuda para enfocar la actividad para emprendedores y pymes, como consultor y formador<\/p><\/div><\/div>\n<\/div><\/div>\n<\/div><\/div>\n\n\n\n<div class=\"wp-block-uagb-slider-child uagb-slider-child-wrap swiper-slide uagb-block-f3b62110\"><div class=\"swiper-content\">\n<div class=\"wp-block-uagb-container uagb-block-28a7c278 alignfull uagb-is-root-container\"><div class=\"uagb-container-inner-blocks-wrap\">\n<div class=\"wp-block-uagb-info-box uagb-block-4b032d35 uagb-infobox__content-wrap  uagb-infobox-icon-above-title uagb-infobox-image-valign-top\"><div class=\"uagb-ifb-content\"><div class=\"uagb-ifb-title-wrap\"><h3 class=\"uagb-ifb-title\">Carlos Paglia. Wayra Brasil<\/h3><\/div><p class=\"uagb-ifb-desc\">O Curso de LEAN SALES para as startups da Wayra Brasil foi realmente agregador, onde os empreendedores vivenciaram uma significativa melhora nas metodologias de vendas e melhora nas estrat\u00e9gias e solu\u00e7\u00f5es.<br><br>O Angel \u00e9 um mestre na arte de vendas e uma \u00f3tima pessoa, curso altamente recomendado !!!<\/p><\/div><\/div>\n<\/div><\/div>\n<\/div><\/div>\n\n\n\n<div class=\"wp-block-uagb-slider-child uagb-slider-child-wrap swiper-slide uagb-block-c87e0cc0\"><div class=\"swiper-content\">\n<div class=\"wp-block-uagb-container uagb-block-7b33bd84 alignfull uagb-is-root-container\"><div class=\"uagb-container-inner-blocks-wrap\">\n<div class=\"wp-block-uagb-info-box uagb-block-03bcc25d uagb-infobox__content-wrap  uagb-infobox-icon-above-title uagb-infobox-image-valign-top\"><div class=\"uagb-ifb-content\"><div class=\"uagb-ifb-title-wrap\"><h3 class=\"uagb-ifb-title\">\u00c1lvaro Castro. University os Sales<\/h3><\/div><p class=\"uagb-ifb-desc\">El curso de LEAN SALES impartido por \u00c1ngel fue un gran descubrimiento para mi. \u00c1ngel te da los ingredientes perfectos para triunfar en tu proceso de ventas: An\u00e1lisis de tu proceso de ventas para poder optimizarlo y automatizarlo. Lo mejor del curso es que \u00c1ngel lo reduce a un sistema sencillo de entender y de poner en marcha.<br>Lo recomiendo ampliamente a cualquier persona que tenga ambici\u00f3n de mejorar a su empresa, sea o no comercial en \u00e9sta. El conocimiento obtenido en LEAN SALES ser\u00e1 de gran ayuda si quieres aumentar las ventas de tu compa\u00f1\u00eda. Con perseverancia y entusiasmo, el m\u00e9todo funcionar\u00e1.<\/p><\/div><\/div>\n<\/div><\/div>\n<\/div><\/div>\n\n\n\n<div class=\"wp-block-uagb-slider-child uagb-slider-child-wrap swiper-slide uagb-block-a7f4da6e\"><div class=\"swiper-content\">\n<div class=\"wp-block-uagb-container uagb-block-29eb39cc alignfull uagb-is-root-container\"><div class=\"uagb-container-inner-blocks-wrap\">\n<div class=\"wp-block-uagb-info-box uagb-block-9e2602c3 uagb-infobox__content-wrap  uagb-infobox-icon-above-title uagb-infobox-image-valign-top\"><div class=\"uagb-ifb-content\"><div class=\"uagb-ifb-title-wrap\"><h3 class=\"uagb-ifb-title\">Victor Dur\u00e1n. Meta<\/h3><\/div><p class=\"uagb-ifb-desc\">Lean Sales es un curso imprescindible para todo aquel que sea responsable de ventas o est\u00e9 desarrollando productos y servicios. No s\u00f3lo clarifica conceptos y procesos que ayudan a vender m\u00e1s sino que ense\u00f1a c\u00f3mo se debe usar un proceso de ventas para alimentar el desarrollo de productos con feedback constante de cliente.<\/p><\/div><\/div>\n<\/div><\/div>\n<\/div><\/div>\n\n\n\n<div class=\"wp-block-uagb-slider-child uagb-slider-child-wrap swiper-slide uagb-block-019293f3\"><div class=\"swiper-content\">\n<div class=\"wp-block-uagb-container uagb-block-a9d281a6 alignfull uagb-is-root-container\"><div class=\"uagb-container-inner-blocks-wrap\">\n<div class=\"wp-block-uagb-info-box uagb-block-3381aeed uagb-infobox__content-wrap  uagb-infobox-icon-above-title uagb-infobox-image-valign-top\"><div class=\"uagb-ifb-content\"><div class=\"uagb-ifb-title-wrap\"><h3 class=\"uagb-ifb-title\">Jesica Chinea. Biosol<\/h3><\/div><p class=\"uagb-ifb-desc\">Conoc\u00ed a \u00c1ngel en una formaci\u00f3n de EXPERTO EN VENTA de SOLUCIONES que cambi\u00f3 mi trayectoria profesional.<br>Gracias a sus clases he podido aplicar hoy en d\u00eda sus ense\u00f1anzas en venta consultiva y tener el feedback de que acciones\/rutinas son las que nos hacen tener \u00e9xito y cu\u00e1les no.<br>Esa formaci\u00f3n y la posterior experiencia adquirida, han repercutido directamente en la mejora de mi trayectoria profesional, disfrutando cada vez mas superando los objetivos que se me plantean y buscando siempre nuevas metas.<br><br>Adem\u00e1s de un gran formador, un gran comercial y gran persona. Gracias \u00c1ngel<\/p><\/div><\/div>\n<\/div><\/div>\n<\/div><\/div>\n\n\n\n<div class=\"wp-block-uagb-slider-child uagb-slider-child-wrap swiper-slide uagb-block-6bdc6cd4\"><div class=\"swiper-content\">\n<div class=\"wp-block-uagb-container uagb-block-069dbd07 alignfull uagb-is-root-container\"><div class=\"uagb-container-inner-blocks-wrap\">\n<div class=\"wp-block-uagb-info-box uagb-block-87dfc1bf uagb-infobox__content-wrap  uagb-infobox-icon-above-title uagb-infobox-image-valign-top\"><div class=\"uagb-ifb-content\"><div class=\"uagb-ifb-title-wrap\"><h3 class=\"uagb-ifb-title\">Marina Fern\u00e1ndez. Cocreanet<\/h3><\/div><p class=\"uagb-ifb-desc\">\u00c1ngel nos ha ense\u00f1ado c\u00f3mo convertir la pesadilla de muchos emprendedores (vender) en algo asequible y accesible. LEAN SALES es una metodolog\u00eda que hace f\u00e1cil de digerir lo dif\u00edcil. Adem\u00e1s, su creador \u2013 \u00c1ngel \u2013 representa un valor \u00fanico por su capacidad de trasmitir y su experiencia. Un acierto el d\u00eda que decid\u00ed hacer este curso.<\/p><\/div><\/div>\n<\/div><\/div>\n<\/div><\/div>\n\n\n\n<div class=\"wp-block-uagb-slider-child uagb-slider-child-wrap swiper-slide uagb-block-38709f44\"><div class=\"swiper-content\">\n<div class=\"wp-block-uagb-container uagb-block-b39d1c35 alignfull uagb-is-root-container\"><div class=\"uagb-container-inner-blocks-wrap\">\n<div class=\"wp-block-uagb-info-box uagb-block-d03aebbf uagb-infobox__content-wrap  uagb-infobox-icon-above-title uagb-infobox-image-valign-top\"><div class=\"uagb-ifb-content\"><div class=\"uagb-ifb-title-wrap\"><h3 class=\"uagb-ifb-title\">Morgan Plaisance. Ticketea<\/h3><\/div><p class=\"uagb-ifb-desc\">Angel ha dado al equipo una muy buena formaci\u00f3n de venta!<br>Ha hecho que pasemos de una venta por \u00abinercia\u00bb y por \u00abintuici\u00f3n\u00bb a un proceso organizado y medible.<br>Las clases son entretenidas, pero sobre todo, aportan un valor real a la empresa que se traduce en un aumento en ventas.<\/p><\/div><\/div>\n<\/div><\/div>\n<\/div><\/div>\n\n\n\n<div class=\"wp-block-uagb-slider-child uagb-slider-child-wrap swiper-slide uagb-block-1237bae5\"><div class=\"swiper-content\">\n<div class=\"wp-block-uagb-container uagb-block-0da3bd51 alignfull uagb-is-root-container\"><div class=\"uagb-container-inner-blocks-wrap\">\n<div class=\"wp-block-uagb-info-box uagb-block-81b8a859 uagb-infobox__content-wrap  uagb-infobox-icon-above-title uagb-infobox-image-valign-top\"><div class=\"uagb-ifb-content\"><div class=\"uagb-ifb-title-wrap\"><h3 class=\"uagb-ifb-title\">Jorge Campos. Emprendedor<\/h3><\/div><p class=\"uagb-ifb-desc\">\u00c1ngel es de esas personas que consiguen cambiar tu manera de entender el mundo. En este caso consigui\u00f3 que en TalenTank cambi\u00e1semos la forma de entender las ventas, a nuestro cliente y nuestro ciclo comercial.<br><br>Adem\u00e1s, m\u00e1s all\u00e1 del conocimiento, es capaz de transmitirte toda su energ\u00eda e ilusi\u00f3n. Tras una sesi\u00f3n con \u00e9l te mueres de ganas de volver a vender. No dej\u00e9is pasar la oportunidad de aprender con \u00e9l.<\/p><\/div><\/div>\n<\/div><\/div>\n<\/div><\/div>\n\n\n\n<div class=\"wp-block-uagb-slider-child uagb-slider-child-wrap swiper-slide uagb-block-8ccfb683\"><div class=\"swiper-content\">\n<div class=\"wp-block-uagb-container uagb-block-91f95511 alignfull uagb-is-root-container\"><div class=\"uagb-container-inner-blocks-wrap\">\n<div class=\"wp-block-uagb-info-box uagb-block-329cb300 uagb-infobox__content-wrap  uagb-infobox-icon-above-title uagb-infobox-image-valign-top\"><div class=\"uagb-ifb-content\"><div class=\"uagb-ifb-title-wrap\"><h3 class=\"uagb-ifb-title\">Miguel \u00c1ngel L\u00f3pez. Emprendedor<\/h3><\/div><p class=\"uagb-ifb-desc\">\u00c1ngel me ha dado la mejor formaci\u00f3n en ventas que he recibido. Punto.<br><br>Sabe lat\u00edn de lo que habla, tiene experiencia para aburrir, es did\u00e1ctico, te da un sistema para que tu estrategia de ventas supere a las de tus jefes y compa\u00f1eros, todo lo que explica (que vale oro) est\u00e1 basado en un profundo an\u00e1lisis de la teor\u00eda de su larga experiencia, y encima es tan generoso que puedes quedar con \u00e9l para consultarle cosas. Para colmo sus clases son divertidas con un derroche de personalidad.<br>Y lo mejor de todo es que tiene raz\u00f3n, \u00a1vender mola!<\/p><\/div><\/div>\n<\/div><\/div>\n<\/div><\/div>\n\n\n\n<div class=\"wp-block-uagb-slider-child uagb-slider-child-wrap swiper-slide uagb-block-cb28146a\"><div class=\"swiper-content\">\n<div class=\"wp-block-uagb-container uagb-block-784afe63 alignfull uagb-is-root-container\"><div class=\"uagb-container-inner-blocks-wrap\">\n<div class=\"wp-block-uagb-info-box uagb-block-b710c5b8 uagb-infobox__content-wrap  uagb-infobox-icon-above-title uagb-infobox-image-valign-top\"><div class=\"uagb-ifb-content\"><div class=\"uagb-ifb-title-wrap\"><h3 class=\"uagb-ifb-title\">\u00d3scar Garc\u00eda. First Workplaces<\/h3><\/div><p class=\"uagb-ifb-desc\">Lo mejor de las clases de \u00c1ngel es que te hacen pensar y replantearte todo lo que haces a nivel comercial y estrat\u00e9gico, lo cual te abre la visi\u00f3n del negocio para poder mejorar y crecer. Adem\u00e1s basa sus lecciones en experiencias propias y ajenas y no s\u00f3lo en teor\u00eda, con lo cual te te hace palpables y visibles los conceptos y lo que puedes sacar de ellos llev\u00e1ndotelos a tu terreno.<br>Muy recomendable su curso de Lean Sales y cualquier charla o conversaci\u00f3n que puedas tener con \u00e9l. Siempre aprendes algo nuevo!!!<\/p><\/div><\/div>\n<\/div><\/div>\n<\/div><\/div>\n\n\n\n<div class=\"wp-block-uagb-slider-child uagb-slider-child-wrap swiper-slide uagb-block-4ebd235b\"><div class=\"swiper-content\">\n<div class=\"wp-block-uagb-container uagb-block-ef7bdb39 alignfull uagb-is-root-container\"><div class=\"uagb-container-inner-blocks-wrap\">\n<div class=\"wp-block-uagb-info-box uagb-block-32c0b534 uagb-infobox__content-wrap  uagb-infobox-icon-above-title uagb-infobox-image-valign-top\"><div class=\"uagb-ifb-content\"><div class=\"uagb-ifb-title-wrap\"><h3 class=\"uagb-ifb-title\">Alberto Lavandeira. Iberia<\/h3><\/div><p class=\"uagb-ifb-desc\">A Angel le encanta vender. Lo lleva en la sangre y se nota. Es el \u00fanico curso de ventas en el que he visto concentrada tanta informaci\u00f3n. Adem\u00e1s, he tenido la suerte de presenciar a Angel dando diferentes cursos y he podido observar su capacidad de adaptarse a la perfecci\u00f3n al nivel y exigencias de la audiencia .<br>Un acierto sin duda.<\/p><\/div><\/div>\n<\/div><\/div>\n<\/div><\/div>\n\n\n\n<div class=\"wp-block-uagb-slider-child uagb-slider-child-wrap swiper-slide uagb-block-2852a030\"><div class=\"swiper-content\">\n<div class=\"wp-block-uagb-container uagb-block-50da34f8 alignfull uagb-is-root-container\"><div class=\"uagb-container-inner-blocks-wrap\">\n<div class=\"wp-block-uagb-info-box uagb-block-0235c22c uagb-infobox__content-wrap  uagb-infobox-icon-above-title uagb-infobox-image-valign-top\"><div class=\"uagb-ifb-content\"><div class=\"uagb-ifb-title-wrap\"><h3 class=\"uagb-ifb-title\">Daniel Roca. Blinkfire<\/h3><\/div><p class=\"uagb-ifb-desc\">Angel consigue transmitir su m\u00e9todo de forma extraordinaria. Adem\u00e1s te da innumerables consejos que son r\u00e1pidamente aplicables en la vida real y permiten ganar confianza y seguridad a la hora de afrontar cualquier venta. Los resultados de sus ense\u00f1anzas han sido incre\u00edbles desde el primer d\u00eda.<\/p><\/div><\/div>\n<\/div><\/div>\n<\/div><\/div>\n\n\n\n<div class=\"wp-block-uagb-slider-child uagb-slider-child-wrap swiper-slide uagb-block-22f32327\"><div class=\"swiper-content\">\n<div class=\"wp-block-uagb-container uagb-block-40cfe3a6 alignfull uagb-is-root-container\"><div class=\"uagb-container-inner-blocks-wrap\">\n<div class=\"wp-block-uagb-info-box uagb-block-d3a6da4b uagb-infobox__content-wrap  uagb-infobox-icon-above-title uagb-infobox-image-valign-top\"><div class=\"uagb-ifb-content\"><div class=\"uagb-ifb-title-wrap\"><h3 class=\"uagb-ifb-title\">Mar\u00eda Adelina Lucas-Torres. Inmark Mobile<\/h3><\/div><p class=\"uagb-ifb-desc\">Experiencia muy recomendable poder disfrutado de las clases de Lean Sales con \u00c1ngel. Clases muy focalizadas en el objetivo de la materia, din\u00e1micas, cercanas, tangibles, participativas, y sobre todo divertidas. Te impregnas de conceptos b\u00e1sicos en el proceso de venta muy \u00fatiles para el d\u00eda a d\u00eda de nuestra labor profesional. Nunca se dijo que fuera f\u00e1cil vender, ese es el reto \ud83d\ude42<\/p><\/div><\/div>\n<\/div><\/div>\n<\/div><\/div>\n\n\n\n<div class=\"wp-block-uagb-slider-child uagb-slider-child-wrap swiper-slide uagb-block-6fd9acf3\"><div class=\"swiper-content\">\n<div class=\"wp-block-uagb-container uagb-block-12eaaa13 alignfull uagb-is-root-container\"><div class=\"uagb-container-inner-blocks-wrap\">\n<div class=\"wp-block-uagb-info-box uagb-block-d104cd4e uagb-infobox__content-wrap  uagb-infobox-icon-above-title uagb-infobox-image-valign-top\"><div class=\"uagb-ifb-content\"><div class=\"uagb-ifb-title-wrap\"><h3 class=\"uagb-ifb-title\">Javier Chico. CBRE<\/h3><\/div><p class=\"uagb-ifb-desc\">Angel consigue transmitir su visi\u00f3n revolucionaria del concepto \u00abLean Sales\u00bb y su aplicaci\u00f3n a los procesos comerciales de forma excepcional y facilita el trabajo personalizando sus ense\u00f1anzas a tus necesidades. Gracias a su formaci\u00f3n y expertise, hemos logrado cambiar tanto nuestra forma de aproximaci\u00f3n de clientes, procesos comerciales y nuestro discurso, consiguiendo excelentes resultados. Gracias Angel !!<\/p><\/div><\/div>\n<\/div><\/div>\n<\/div><\/div>\n\n\n\n<div class=\"wp-block-uagb-slider-child uagb-slider-child-wrap swiper-slide uagb-block-4c758363\"><div class=\"swiper-content\">\n<div class=\"wp-block-uagb-container uagb-block-6c65ac12 alignfull uagb-is-root-container\"><div class=\"uagb-container-inner-blocks-wrap\">\n<div class=\"wp-block-uagb-info-box uagb-block-215ae65f uagb-infobox__content-wrap  uagb-infobox-icon-above-title uagb-infobox-image-valign-top\"><div class=\"uagb-ifb-content\"><div class=\"uagb-ifb-title-wrap\"><h3 class=\"uagb-ifb-title\">Kiko Cisneros. Emprendedor<\/h3><\/div><p class=\"uagb-ifb-desc\">Angel es uno de los mejores consejeros que he tenido nunca. Su amplio conocimiento en ventas y su inteligencia ayudan a definir r\u00e1pidamente estrategias comerciales. Y gracias a su amplia experiencia en negocios siempre es de gran valor en la toma de decisiones m\u00e1s complejas.<br>Asistir a su curso de ventas me hizo entender c\u00f3mo llegar a mis clientes y como obtener un mapa mental de como atacar a cada uno de ellos. Ahora, todo parece m\u00e1s sencillo, y la respuesta de los clientes esta siendo muy positiva. Esto si funciona.<\/p><\/div><\/div>\n<\/div><\/div>\n<\/div><\/div>\n\n\n\n<div class=\"wp-block-uagb-slider-child uagb-slider-child-wrap swiper-slide uagb-block-6d0a0f9a\"><div class=\"swiper-content\">\n<div class=\"wp-block-uagb-container uagb-block-ef6fc476 alignfull uagb-is-root-container\"><div class=\"uagb-container-inner-blocks-wrap\">\n<div class=\"wp-block-uagb-info-box uagb-block-5e8ec9aa uagb-infobox__content-wrap  uagb-infobox-icon-above-title uagb-infobox-image-valign-top\"><div class=\"uagb-ifb-content\"><div class=\"uagb-ifb-title-wrap\"><h3 class=\"uagb-ifb-title\">Inma Martinez. Inversora<\/h3><\/div><p class=\"uagb-ifb-desc\">Conoc\u00ed a Angel en el IE cuando vino a impartir su clase de Lean Sales a las startups de la Academia Wayra. Me sent\u00e9 en su clase antes de ser el lunch speaker. Me fascin\u00f3 verle ense\u00f1ar fundamentos de ventas de manera directa y participatoria, sin tapujos y con enorme carga de realidad por encima de estrategias acad\u00e9micas que muchas veces las escriben los que no han vendido una moto en sus vidas. Angel ense\u00f1a a vender motos, coches y lo que se ponga por delante porque ense\u00f1a a crear estrategia de ventas que ha funcionado a todos los niveles.<\/p><div class=\"uagb-ifb-button-wrapper wp-block-button\"><a href=\"#\" target=\"_self\" onclick=\"return false;\" class=\"uagb-infobox-cta-link\" rel=\"noopener noreferrer\" alt=\"\"><span class=\"uagb-inline-editing\"><\/span><\/a><\/div><\/div><\/div>\n<\/div><\/div>\n<\/div><\/div>\n<\/div><\/div><div class=\"swiper-pagination\"><\/div><div class=\"swiper-button-prev\"><\/div><div class=\"swiper-button-next\"><\/div><\/div>\n\n\n\n<div class=\"wp-block-uagb-container uagb-block-3c93e056 alignfull uagb-is-root-container\"><div class=\"uagb-container-inner-blocks-wrap\">\n<div class=\"wp-block-uagb-container uagb-block-7e24f099\">\n<div class=\"wp-block-uagb-advanced-heading uagb-block-1a35fbfe\"><h2 class=\"uagb-heading-text\">\u00bfD\u00f3nde y cu\u00e1ndo?<\/h2><\/div>\n\n\n\n<div class=\"wp-block-uagb-advanced-heading uagb-block-f2982b44\"><h3 class=\"uagb-heading-text\">Fechas: Pr\u00f3xima edici\u00f3n pendiente de convocatoria<\/h3><\/div>\n<\/div>\n<\/div><\/div>\n\n\n\n<div class=\"wp-block-uagb-container uagb-block-98f59a86 alignfull uagb-is-root-container\"><div class=\"uagb-container-inner-blocks-wrap\">\n<div class=\"wp-block-uagb-call-to-action uagb-block-3f67094e wp-block-button\"><div class=\"uagb-cta__wrap\"><h3 class=\"uagb-cta__title\">M\u00e1s informaci\u00f3n<\/h3><p class=\"uagb-cta__desc\">Si necesita m\u00e1s informaci\u00f3n sobre el curso, o quiere conocer otras posibilidades de pago, o recibir un descuento por grupo, puedes escribirnos o agendar una llamada con nosotros.<\/p><\/div><div class=\"uagb-cta__buttons\"><a href=\"https:\/\/meetings.hubspot.com\/angel112\" class=\"uagb-cta__button-link-wrapper wp-block-button__link\" target=\"_blank\" rel=\"noopener noreferrer\">Agendar llamada<\/a><\/div><\/div>\n<\/div><\/div>\n","protected":false},"excerpt":{"rendered":"<p>Qu\u00e9 aprender\u00e1s: \u00bfPor qu\u00e9 elegirnos? Este workshop es el taller ideal para aquellos profesionales de empresas, aut\u00f3nomos, emprendedores, vendedores o directivos que buscan entender y mejorar sus ventas. Trabajar con un plan efectivo y concreto que les permita definir adecuadamente la estrategia, optimizar sus procesos y operaciones comerciales y alcanzar un conocimiento intenso de operativa [&hellip;]<\/p>\n","protected":false},"author":1,"featured_media":0,"parent":0,"menu_order":0,"comment_status":"closed","ping_status":"closed","template":"","meta":{"content-type":"","_uag_custom_page_level_css":"","site-sidebar-layout":"no-sidebar","site-content-layout":"page-builder","ast-site-content-layout":"full-width-container","site-content-style":"unboxed","site-sidebar-style":"unboxed","ast-global-header-display":"","ast-banner-title-visibility":"","ast-main-header-display":"","ast-hfb-above-header-display":"","ast-hfb-below-header-display":"","ast-hfb-mobile-header-display":"","site-post-title":"disabled","ast-breadcrumbs-content":"","ast-featured-img":"","footer-sml-layout":"","theme-transparent-header-meta":"enabled","adv-header-id-meta":"","stick-header-meta":"","header-above-stick-meta":"","header-main-stick-meta":"","header-below-stick-meta":"","astra-migrate-meta-layouts":"set","ast-page-background-enabled":"default","ast-page-background-meta":{"desktop":{"background-color":"var(--ast-global-color-4)","background-image":"","background-repeat":"repeat","background-position":"center center","background-size":"auto","background-attachment":"scroll","background-type":"","background-media":"","overlay-type":"","overlay-color":"","overlay-opacity":"","overlay-gradient":""},"tablet":{"background-color":"","background-image":"","background-repeat":"repeat","background-position":"center center","background-size":"auto","background-attachment":"scroll","background-type":"","background-media":"","overlay-type":"","overlay-color":"","overlay-opacity":"","overlay-gradient":""},"mobile":{"background-color":"","background-image":"","background-repeat":"repeat","background-position":"center center","background-size":"auto","background-attachment":"scroll","background-type":"","background-media":"","overlay-type":"","overlay-color":"","overlay-opacity":"","overlay-gradient":""}},"ast-content-background-meta":{"desktop":{"background-color":"var(--ast-global-color-5)","background-image":"","background-repeat":"repeat","background-position":"center center","background-size":"auto","background-attachment":"scroll","background-type":"","background-media":"","overlay-type":"","overlay-color":"","overlay-opacity":"","overlay-gradient":""},"tablet":{"background-color":"var(--ast-global-color-5)","background-image":"","background-repeat":"repeat","background-position":"center center","background-size":"auto","background-attachment":"scroll","background-type":"","background-media":"","overlay-type":"","overlay-color":"","overlay-opacity":"","overlay-gradient":""},"mobile":{"background-color":"var(--ast-global-color-5)","background-image":"","background-repeat":"repeat","background-position":"center center","background-size":"auto","background-attachment":"scroll","background-type":"","background-media":"","overlay-type":"","overlay-color":"","overlay-opacity":"","overlay-gradient":""}},"footnotes":""},"class_list":["post-15496","page","type-page","status-publish","hentry"],"uagb_featured_image_src":{"full":false,"thumbnail":false,"medium":false,"medium_large":false,"large":false,"1536x1536":false,"2048x2048":false,"woocommerce_thumbnail":false,"woocommerce_single":false,"woocommerce_gallery_thumbnail":false},"uagb_author_info":{"display_name":"admin_sales","author_link":"https:\/\/www.leansales.es\/ls\/author\/admin_sales\/"},"uagb_comment_info":0,"uagb_excerpt":"Qu\u00e9 aprender\u00e1s: \u00bfPor qu\u00e9 elegirnos? Este workshop es el taller ideal para aquellos profesionales de empresas, aut\u00f3nomos, emprendedores, vendedores o directivos que buscan entender y mejorar sus ventas. Trabajar con un plan efectivo y concreto que les permita definir adecuadamente la estrategia, optimizar sus procesos y operaciones comerciales y alcanzar un conocimiento intenso de operativa&hellip;","_links":{"self":[{"href":"https:\/\/www.leansales.es\/ls\/wp-json\/wp\/v2\/pages\/15496","targetHints":{"allow":["GET"]}}],"collection":[{"href":"https:\/\/www.leansales.es\/ls\/wp-json\/wp\/v2\/pages"}],"about":[{"href":"https:\/\/www.leansales.es\/ls\/wp-json\/wp\/v2\/types\/page"}],"author":[{"embeddable":true,"href":"https:\/\/www.leansales.es\/ls\/wp-json\/wp\/v2\/users\/1"}],"replies":[{"embeddable":true,"href":"https:\/\/www.leansales.es\/ls\/wp-json\/wp\/v2\/comments?post=15496"}],"version-history":[{"count":83,"href":"https:\/\/www.leansales.es\/ls\/wp-json\/wp\/v2\/pages\/15496\/revisions"}],"predecessor-version":[{"id":15637,"href":"https:\/\/www.leansales.es\/ls\/wp-json\/wp\/v2\/pages\/15496\/revisions\/15637"}],"wp:attachment":[{"href":"https:\/\/www.leansales.es\/ls\/wp-json\/wp\/v2\/media?parent=15496"}],"curies":[{"name":"wp","href":"https:\/\/api.w.org\/{rel}","templated":true}]}}